{"id":945,"date":"2019-08-13T07:53:15","date_gmt":"2019-08-13T07:53:15","guid":{"rendered":"https:\/\/www.cuvecom.org\/bacia-do-rio-cuvelai\/"},"modified":"2019-08-13T07:53:17","modified_gmt":"2019-08-13T07:53:17","slug":"bacia-do-rio-cuvelai","status":"publish","type":"page","link":"https:\/\/cuvecom.org\/pt\/bacia-do-rio-cuvelai\/","title":{"rendered":"Bacia do rio Cuvelai"},"content":{"rendered":"<div class=\"wp-block-ugb-feature ugb-feature ugb--background-opacity-5 ugb-feature--design-plain ugb-feature--content-left\" style=\"--image-size:400px\"><div class=\"ugb-content-wrapper\"><div class=\"ugb-feature__content\"><h2 class=\"ugb-feature__title\">A Rio do Bacia,<\/h2><p class=\"ugb-feature__description\">A Bacia do Cuvelai, uma zona h\u00famida transfronteiri\u00e7a partilhada por Angola e Nam\u00edbia, cobrindo quase 160.000 km2. Consiste em centenas de canais de drenagem, chamados iishana&#8230;<\/p><div><a class=\"ugb-button ugb-button--align-left ugb-button--size-normal ugb-button--design-ghost\" href=\"https:\/\/cuvecom.org\/pt\/a-rio-do-bacia\/?lang=pt-pt\" style=\"border-radius:4px;border-color:#4abbbf;color:#4abbbf\"><span class=\"ugb-button--inner\" style=\"color:#4abbbf\">Leia mais<\/span><\/a><\/div><\/div><div class=\"ugb-feature__image-side\"><img decoding=\"async\" class=\"ugb-feature__image ugb--shadow-3\" style=\"border-radius:12px\" src=\"https:\/\/cuvecom.org\/wp-content\/uploads\/2019\/08\/rak-the-river-basin.png\" alt=\"A Rio do Bacia\"><\/div><\/div><\/div>\n\n<div class=\"wp-block-ugb-feature ugb-feature ugb--background-opacity-5 ugb-feature--design-plain ugb-feature--content-left\" style=\"--image-size:400px\"><div class=\"ugb-content-wrapper\"><div class=\"ugb-feature__content\"><h2 class=\"ugb-feature__title\">Pessoas &amp; o Rio<\/h2><p class=\"ugb-feature__description\">A Bacia Hidrogr\u00e1fica do Cuvelai \u00e9 lar de 1,2 milh\u00e3o de pessoas. A bacia \u00e9 muito seca, propensa a inunda\u00e7\u00f5es e secas e suporta uma grande popula\u00e7\u00e3o rural&#8230;<\/p><div><a class=\"ugb-button ugb-button--align-left ugb-button--size-normal ugb-button--design-ghost\" href=\"https:\/\/cuvecom.org\/pt\/pessoas-o-rio\/?lang=pt-pt\" style=\"border-radius:4px;border-color:#4abbbf;color:#4abbbf\"><span class=\"ugb-button--inner\" style=\"color:#4abbbf\">Leia mais<\/span><\/a><\/div><\/div><div class=\"ugb-feature__image-side\"><img decoding=\"async\" class=\"ugb-feature__image ugb--shadow-3\" style=\"border-radius:12px\" src=\"https:\/\/cuvecom.org\/wp-content\/uploads\/2019\/08\/rak-people-river.png\" alt=\"Pessoas &amp; o Rio\"><\/div><\/div><\/div>\n\n<div class=\"wp-block-ugb-feature ugb-feature ugb--background-opacity-5 ugb-feature--design-plain ugb-feature--content-left\" style=\"--image-size:400px\"><div class=\"ugb-content-wrapper\"><div class=\"ugb-feature__content\"><h2 class=\"ugb-feature__title\">Governan\u00e7a da \u00c1gua<\/h2><p class=\"ugb-feature__description\">A governan\u00e7a na Bacia Hidrogr\u00e1fica do Cuvelai \u00e9 orientada por directrizes internacionais, acordos e organiza\u00e7\u00f5es regionais e a n\u00edvel da bacia&nbsp;,&#8230;<\/p><div><a class=\"ugb-button ugb-button--align-left ugb-button--size-normal ugb-button--design-ghost\" href=\"https:\/\/cuvecom.org\/pt\/governanca-da-agua\/?lang=pt-pt\" style=\"border-radius:4px;border-color:#4abbbf;color:#4abbbf\"><span class=\"ugb-button--inner\" style=\"color:#4abbbf\">Leia mais<\/span><\/a><\/div><\/div><div class=\"ugb-feature__image-side\"><img decoding=\"async\" class=\"ugb-feature__image ugb--shadow-3\" style=\"border-radius:12px\" src=\"https:\/\/cuvecom.org\/wp-content\/uploads\/2019\/08\/rak-water-governance.png\" alt=\"Governan\u00e7a da \u00c1gua\"><\/div><\/div><\/div>\n\n<div class=\"wp-block-ugb-feature ugb-feature ugb--background-opacity-5 ugb-feature--design-plain ugb-feature--content-left\" style=\"--image-size:400px\"><div class=\"ugb-content-wrapper\"><div class=\"ugb-feature__content\"><h2 class=\"ugb-feature__title\">Gest\u00e3o de Recursos<\/h2><p class=\"ugb-feature__description\">Atender \u00e0s necessidades h\u00eddricas da popula\u00e7\u00e3o, economia e meio ambiente da Bacia Hidrogr\u00e1fica do Cuevlai e proteger adequadamente seus habitantes contra enchentes e secas \u00e9 um desafio significativo&#8230;<\/p><div><a class=\"ugb-button ugb-button--align-left ugb-button--size-normal ugb-button--design-ghost\" href=\"https:\/\/cuvecom.org\/pt\/gestao-de-recursos\/?lang=pt-pt\" style=\"border-radius:4px;border-color:#4abbbf;color:#4abbbf\"><span class=\"ugb-button--inner\" style=\"color:#4abbbf\">Leia mais<\/span><\/a><\/div><\/div><div class=\"ugb-feature__image-side\"><img decoding=\"async\" class=\"ugb-feature__image ugb--shadow-3\" style=\"border-radius:12px\" src=\"https:\/\/cuvecom.org\/wp-content\/uploads\/2019\/08\/rak-resource-management.png\" alt=\"Gest\u00e3o de Recursos\"><\/div><\/div><\/div>","protected":false},"excerpt":{"rendered":"<p>A Rio do Bacia, A Bacia do Cuvelai, uma zona h\u00famida transfronteiri\u00e7a partilhada por Angola e Nam\u00edbia, cobrindo quase 160.000 km2. Consiste em centenas de canais de drenagem, chamados iishana&#8230; Leia mais Pessoas &amp; o Rio A Bacia Hidrogr\u00e1fica do Cuvelai \u00e9 lar de 1,2 milh\u00e3o de pessoas. A bacia \u00e9 muito seca, propensa a inunda\u00e7\u00f5es e secas e suporta uma grande popula\u00e7\u00e3o rural&#8230; Leia mais Governan\u00e7a da \u00c1gua A governan\u00e7a na Bacia Hidrogr\u00e1fica do<\/p>\n<div class=\"read-more-wrapper\"><a href=\"https:\/\/cuvecom.org\/pt\/bacia-do-rio-cuvelai\/\" class=\"btn btn-green btn-read-more\" role=\"button\">Read more<\/a><\/div>","protected":false},"author":11,"featured_media":0,"parent":0,"menu_order":0,"comment_status":"closed","ping_status":"closed","template":"","meta":{"footnotes":""},"class_list":["post-945","page","type-page","status-publish","hentry"],"featured_image_urls":{"full":"","thumbnail":"","medium":"","medium_large":"","large":"","1536x1536":"","2048x2048":"","trp-custom-language-flag":"","pixova-lite-custom-logo":"","pixova-lite-project-slider-logo-image":"","pixova-lite-homepage-blog-posts":"","pixova-lite-featured-blog-image":"","pixova-lite-related-posts":"","pixova-lite-recent-works-image":"","form-edit-image-preview":""},"post_excerpt_stackable":"<p>A Rio do Bacia,A Bacia do Cuvelai, uma zona h\u00famida transfronteiri\u00e7a partilhada por Angola e Nam\u00edbia, cobrindo quase 160.000 km2. Consiste em centenas de canais de drenagem, chamados iishana&#8230;Leia mais Pessoas &amp; o RioA Bacia Hidrogr\u00e1fica do Cuvelai \u00e9 lar de 1,2 milh\u00e3o de pessoas. A bacia \u00e9 muito seca, propensa a inunda\u00e7\u00f5es e secas e suporta uma grande popula\u00e7\u00e3o rural&#8230;Leia mais Governan\u00e7a da \u00c1guaA governan\u00e7a na Bacia Hidrogr\u00e1fica do Cuvelai \u00e9 orientada por directrizes internacionais, acordos e organiza\u00e7\u00f5es regionais e a n\u00edvel da bacia&nbsp;,&#8230;Leia mais Gest\u00e3o de RecursosAtender \u00e0s necessidades h\u00eddricas da popula\u00e7\u00e3o, economia e meio ambiente da Bacia&hellip;<\/p>\n","category_list":"","author_info":{"name":"admin","url":"https:\/\/cuvecom.org\/pt\/author\/admin\/"},"comments_num":"0 comments","featured_image_urls_v2":{"full":"","thumbnail":"","medium":"","medium_large":"","large":"","1536x1536":"","2048x2048":"","trp-custom-language-flag":"","pixova-lite-custom-logo":"","pixova-lite-project-slider-logo-image":"","pixova-lite-homepage-blog-posts":"","pixova-lite-featured-blog-image":"","pixova-lite-related-posts":"","pixova-lite-recent-works-image":"","form-edit-image-preview":""},"post_excerpt_stackable_v2":"<p>A Rio do Bacia,A Bacia do Cuvelai, uma zona h\u00famida transfronteiri\u00e7a partilhada por Angola e Nam\u00edbia, cobrindo quase 160.000 km2. Consiste em centenas de canais de drenagem, chamados iishana&#8230;Leia mais Pessoas &amp; o RioA Bacia Hidrogr\u00e1fica do Cuvelai \u00e9 lar de 1,2 milh\u00e3o de pessoas. A bacia \u00e9 muito seca, propensa a inunda\u00e7\u00f5es e secas e suporta uma grande popula\u00e7\u00e3o rural&#8230;Leia mais Governan\u00e7a da \u00c1guaA governan\u00e7a na Bacia Hidrogr\u00e1fica do Cuvelai \u00e9 orientada por directrizes internacionais, acordos e organiza\u00e7\u00f5es regionais e a n\u00edvel da bacia&nbsp;,&#8230;Leia mais Gest\u00e3o de RecursosAtender \u00e0s necessidades h\u00eddricas da popula\u00e7\u00e3o, economia e meio ambiente da Bacia&hellip;<\/p>\n","category_list_v2":"","author_info_v2":{"name":"admin","url":"https:\/\/cuvecom.org\/pt\/author\/admin\/"},"comments_num_v2":"0 comments","_links":{"self":[{"href":"https:\/\/cuvecom.org\/pt\/wp-json\/wp\/v2\/pages\/945","targetHints":{"allow":["GET"]}}],"collection":[{"href":"https:\/\/cuvecom.org\/pt\/wp-json\/wp\/v2\/pages"}],"about":[{"href":"https:\/\/cuvecom.org\/pt\/wp-json\/wp\/v2\/types\/page"}],"author":[{"embeddable":true,"href":"https:\/\/cuvecom.org\/pt\/wp-json\/wp\/v2\/users\/11"}],"replies":[{"embeddable":true,"href":"https:\/\/cuvecom.org\/pt\/wp-json\/wp\/v2\/comments?post=945"}],"version-history":[{"count":4,"href":"https:\/\/cuvecom.org\/pt\/wp-json\/wp\/v2\/pages\/945\/revisions"}],"predecessor-version":[{"id":957,"href":"https:\/\/cuvecom.org\/pt\/wp-json\/wp\/v2\/pages\/945\/revisions\/957"}],"wp:attachment":[{"href":"https:\/\/cuvecom.org\/pt\/wp-json\/wp\/v2\/media?parent=945"}],"curies":[{"name":"wp","href":"https:\/\/api.w.org\/{rel}","templated":true}]}}